{"id":6298,"date":"2020-05-07T22:10:27","date_gmt":"2020-05-07T20:10:27","guid":{"rendered":"https:\/\/qkll.gov.al\/?page_id=6298"},"modified":"2020-11-18T17:05:59","modified_gmt":"2020-11-18T16:05:59","slug":"konsultime-publike-dhe-memorandume","status":"publish","type":"page","link":"https:\/\/qkll.gov.al\/?page_id=6298","title":{"rendered":"Konsultime Publike dhe Memorandume"},"content":{"rendered":"\t\t<div data-elementor-type=\"wp-page\" data-elementor-id=\"6298\" class=\"elementor elementor-6298\" data-elementor-post-type=\"page\">\n\t\t\t\t\t\t<section class=\"elementor-section elementor-top-section elementor-element elementor-element-2d88c9c elementor-section-boxed elementor-section-height-default elementor-section-height-default\" data-id=\"2d88c9c\" data-element_type=\"section\">\n\t\t\t\t\t\t<div class=\"elementor-container elementor-column-gap-default\">\n\t\t\t\t\t<div class=\"elementor-column elementor-col-100 elementor-top-column elementor-element elementor-element-c75aa07\" data-id=\"c75aa07\" data-element_type=\"column\">\n\t\t\t<div class=\"elementor-widget-wrap elementor-element-populated\">\n\t\t\t\t\t\t<div class=\"elementor-element elementor-element-de4eae6 elementor-grid-3 elementor-grid-tablet-2 elementor-grid-mobile-1 elementor-posts--thumbnail-top elementor-widget elementor-widget-posts\" data-id=\"de4eae6\" data-element_type=\"widget\" data-settings=\"{&quot;pagination_type&quot;:&quot;numbers&quot;,&quot;classic_columns&quot;:&quot;3&quot;,&quot;classic_columns_tablet&quot;:&quot;2&quot;,&quot;classic_columns_mobile&quot;:&quot;1&quot;,&quot;classic_row_gap&quot;:{&quot;unit&quot;:&quot;px&quot;,&quot;size&quot;:35,&quot;sizes&quot;:[]},&quot;classic_row_gap_tablet&quot;:{&quot;unit&quot;:&quot;px&quot;,&quot;size&quot;:&quot;&quot;,&quot;sizes&quot;:[]},&quot;classic_row_gap_mobile&quot;:{&quot;unit&quot;:&quot;px&quot;,&quot;size&quot;:&quot;&quot;,&quot;sizes&quot;:[]}}\" data-widget_type=\"posts.classic\">\n\t\t\t\t<div class=\"elementor-widget-container\">\n\t\t\t\t\t\t\t<div class=\"elementor-posts-container elementor-posts elementor-posts--skin-classic elementor-grid\">\n\t\t\t\t<article class=\"elementor-post elementor-grid-item post-10751 post type-post status-publish format-standard has-post-thumbnail hentry category-konsultime-publike-dhe-memorandume category-te-rejat\">\n\t\t\t\t<a class=\"elementor-post__thumbnail__link\" href=\"https:\/\/qkll.gov.al\/?p=10751\" tabindex=\"-1\" >\n\t\t\t<div class=\"elementor-post__thumbnail\"><img fetchpriority=\"high\" decoding=\"async\" width=\"300\" height=\"200\" src=\"https:\/\/qkll.gov.al\/wp-content\/uploads\/2024\/05\/441284223_847470914090132_1281486145542864758_n-1-300x200.jpg\" class=\"attachment-medium size-medium wp-image-10754\" alt=\"\" srcset=\"https:\/\/qkll.gov.al\/wp-content\/uploads\/2024\/05\/441284223_847470914090132_1281486145542864758_n-1-300x200.jpg 300w, https:\/\/qkll.gov.al\/wp-content\/uploads\/2024\/05\/441284223_847470914090132_1281486145542864758_n-1-1024x682.jpg 1024w, https:\/\/qkll.gov.al\/wp-content\/uploads\/2024\/05\/441284223_847470914090132_1281486145542864758_n-1-768x512.jpg 768w, https:\/\/qkll.gov.al\/wp-content\/uploads\/2024\/05\/441284223_847470914090132_1281486145542864758_n-1.jpg 1280w\" sizes=\"(max-width: 300px) 100vw, 300px\" \/><\/div>\n\t\t<\/a>\n\t\t\t\t<div class=\"elementor-post__text\">\n\t\t\t\t<h3 class=\"elementor-post__title\">\n\t\t\t<a href=\"https:\/\/qkll.gov.al\/?p=10751\" >\n\t\t\t\tMarr\u00ebveshje bashk\u00ebpunimi mes QKLL dhe Shoqat\u00ebs s\u00eb Shkrimtar\u00ebve t\u00eb Serbis\u00eb\t\t\t<\/a>\n\t\t<\/h3>\n\t\t\t\t<div class=\"elementor-post__meta-data\">\n\t\t\t\t\t<span class=\"elementor-post-date\">\n\t\t\t17 May, 2024\t\t<\/span>\n\t\t\t\t<\/div>\n\t\t\t\t<div class=\"elementor-post__excerpt\">\n\t\t\t<p>Qendra Komb\u00ebtare e Librit dhe Leximit dhe Shoqata e Shkrimtar\u00ebve t\u00eb Serbis\u00eb n\u00ebnshkruan sot nj\u00eb marr\u00ebveshje bashk\u00ebpunimi, me n\u00eb fokus fush\u00ebn e let\u00ebrsis\u00eb dhe kultur\u00ebs,<\/p>\n\t\t<\/div>\n\t\t\n\t\t<a class=\"elementor-post__read-more\" href=\"https:\/\/qkll.gov.al\/?p=10751\" aria-label=\"Read more about Marr\u00ebveshje bashk\u00ebpunimi mes QKLL dhe Shoqat\u00ebs s\u00eb Shkrimtar\u00ebve t\u00eb Serbis\u00eb\" tabindex=\"-1\" >\n\t\t\tRead More \u00bb\t\t<\/a>\n\n\t\t\t\t<\/div>\n\t\t\t\t<\/article>\n\t\t\t\t<article class=\"elementor-post elementor-grid-item post-10667 post type-post status-publish format-standard has-post-thumbnail hentry category-konsultime-publike-dhe-memorandume category-te-rejat\">\n\t\t\t\t<a class=\"elementor-post__thumbnail__link\" href=\"https:\/\/qkll.gov.al\/?p=10667\" tabindex=\"-1\" >\n\t\t\t<div class=\"elementor-post__thumbnail\"><img decoding=\"async\" width=\"300\" height=\"200\" src=\"https:\/\/qkll.gov.al\/wp-content\/uploads\/2023\/11\/403751017_18011754928994981_7426492797207914353_n-300x200.jpg\" class=\"attachment-medium size-medium wp-image-10670\" alt=\"\" srcset=\"https:\/\/qkll.gov.al\/wp-content\/uploads\/2023\/11\/403751017_18011754928994981_7426492797207914353_n-300x200.jpg 300w, https:\/\/qkll.gov.al\/wp-content\/uploads\/2023\/11\/403751017_18011754928994981_7426492797207914353_n-768x511.jpg 768w, https:\/\/qkll.gov.al\/wp-content\/uploads\/2023\/11\/403751017_18011754928994981_7426492797207914353_n.jpg 853w\" sizes=\"(max-width: 300px) 100vw, 300px\" \/><\/div>\n\t\t<\/a>\n\t\t\t\t<div class=\"elementor-post__text\">\n\t\t\t\t<h3 class=\"elementor-post__title\">\n\t\t\t<a href=\"https:\/\/qkll.gov.al\/?p=10667\" >\n\t\t\t\tMarr\u00ebveshje bashk\u00ebpunimi mes QKLL dhe Libraris\u00eb Ulqini\t\t\t<\/a>\n\t\t<\/h3>\n\t\t\t\t<div class=\"elementor-post__meta-data\">\n\t\t\t\t\t<span class=\"elementor-post-date\">\n\t\t\t17 November, 2023\t\t<\/span>\n\t\t\t\t<\/div>\n\t\t\t\t<div class=\"elementor-post__excerpt\">\n\t\t\t<p>N\u00ebnshkruam sot nj\u00eb marr\u00ebveshje bashk\u00ebpunimi mes Qendr\u00ebs Komb\u00ebtare t\u00eb Librit dhe Leximit dhe Libraris\u00eb Ulqini, libraria e par\u00eb e librit shqip p\u00ebr shqiptar\u00ebt e Malit<\/p>\n\t\t<\/div>\n\t\t\n\t\t<a class=\"elementor-post__read-more\" href=\"https:\/\/qkll.gov.al\/?p=10667\" aria-label=\"Read more about Marr\u00ebveshje bashk\u00ebpunimi mes QKLL dhe Libraris\u00eb Ulqini\" tabindex=\"-1\" >\n\t\t\tRead More \u00bb\t\t<\/a>\n\n\t\t\t\t<\/div>\n\t\t\t\t<\/article>\n\t\t\t\t<article class=\"elementor-post elementor-grid-item post-10649 post type-post status-publish format-standard has-post-thumbnail hentry category-konsultime-publike-dhe-memorandume category-te-rejat\">\n\t\t\t\t<a class=\"elementor-post__thumbnail__link\" href=\"https:\/\/qkll.gov.al\/?p=10649\" tabindex=\"-1\" >\n\t\t\t<div class=\"elementor-post__thumbnail\"><img decoding=\"async\" width=\"300\" height=\"200\" src=\"https:\/\/qkll.gov.al\/wp-content\/uploads\/2023\/11\/400908749_734433568727201_5875411025384190953_n-1-300x200.jpg\" class=\"attachment-medium size-medium wp-image-10657\" alt=\"\" srcset=\"https:\/\/qkll.gov.al\/wp-content\/uploads\/2023\/11\/400908749_734433568727201_5875411025384190953_n-1-300x200.jpg 300w, https:\/\/qkll.gov.al\/wp-content\/uploads\/2023\/11\/400908749_734433568727201_5875411025384190953_n-1-1024x682.jpg 1024w, https:\/\/qkll.gov.al\/wp-content\/uploads\/2023\/11\/400908749_734433568727201_5875411025384190953_n-1-768x512.jpg 768w, https:\/\/qkll.gov.al\/wp-content\/uploads\/2023\/11\/400908749_734433568727201_5875411025384190953_n-1-1536x1023.jpg 1536w, https:\/\/qkll.gov.al\/wp-content\/uploads\/2023\/11\/400908749_734433568727201_5875411025384190953_n-1.jpg 1600w\" sizes=\"(max-width: 300px) 100vw, 300px\" \/><\/div>\n\t\t<\/a>\n\t\t\t\t<div class=\"elementor-post__text\">\n\t\t\t\t<h3 class=\"elementor-post__title\">\n\t\t\t<a href=\"https:\/\/qkll.gov.al\/?p=10649\" >\n\t\t\t\tKonsultim publik me p\u00ebrkthyesit mbi Ligjin p\u00ebr Librin\t\t\t<\/a>\n\t\t<\/h3>\n\t\t\t\t<div class=\"elementor-post__meta-data\">\n\t\t\t\t\t<span class=\"elementor-post-date\">\n\t\t\t14 November, 2023\t\t<\/span>\n\t\t\t\t<\/div>\n\t\t\t\t<div class=\"elementor-post__excerpt\">\n\t\t\t<p>M\u00eb 13 n\u00ebntor u mbajt konsultimi i par\u00eb publik p\u00ebr Projektligjin \u201cP\u00ebr disa shtesa dhe ndryshime n\u00eb ligjin nr. 9616, dat\u00eb 27.9.2006 \u201cP\u00ebr Librin n\u00eb<\/p>\n\t\t<\/div>\n\t\t\n\t\t<a class=\"elementor-post__read-more\" href=\"https:\/\/qkll.gov.al\/?p=10649\" aria-label=\"Read more about Konsultim publik me p\u00ebrkthyesit mbi Ligjin p\u00ebr Librin\" tabindex=\"-1\" >\n\t\t\tRead More \u00bb\t\t<\/a>\n\n\t\t\t\t<\/div>\n\t\t\t\t<\/article>\n\t\t\t\t<article class=\"elementor-post elementor-grid-item post-10635 post type-post status-publish format-standard has-post-thumbnail hentry category-konsultime-publike-dhe-memorandume category-te-rejat\">\n\t\t\t\t<a class=\"elementor-post__thumbnail__link\" href=\"https:\/\/qkll.gov.al\/?p=10635\" tabindex=\"-1\" >\n\t\t\t<div class=\"elementor-post__thumbnail\"><img loading=\"lazy\" decoding=\"async\" width=\"300\" height=\"300\" src=\"https:\/\/qkll.gov.al\/wp-content\/uploads\/2023\/10\/Logo-QKLL-300x300.jpg\" class=\"attachment-medium size-medium wp-image-10571\" alt=\"\" srcset=\"https:\/\/qkll.gov.al\/wp-content\/uploads\/2023\/10\/Logo-QKLL-300x300.jpg 300w, https:\/\/qkll.gov.al\/wp-content\/uploads\/2023\/10\/Logo-QKLL-1024x1024.jpg 1024w, https:\/\/qkll.gov.al\/wp-content\/uploads\/2023\/10\/Logo-QKLL-150x150.jpg 150w, https:\/\/qkll.gov.al\/wp-content\/uploads\/2023\/10\/Logo-QKLL-768x768.jpg 768w, https:\/\/qkll.gov.al\/wp-content\/uploads\/2023\/10\/Logo-QKLL.jpg 1080w\" sizes=\"(max-width: 300px) 100vw, 300px\" \/><\/div>\n\t\t<\/a>\n\t\t\t\t<div class=\"elementor-post__text\">\n\t\t\t\t<h3 class=\"elementor-post__title\">\n\t\t\t<a href=\"https:\/\/qkll.gov.al\/?p=10635\" >\n\t\t\t\tProjektligji \u201cP\u00ebr disa shtesa dhe ndryshime n\u00eb ligjin nr. 9616, dat\u00eb 27.9.2006 \u201cP\u00ebr Librin n\u00eb Republik\u00ebn e Shqip\u00ebris\u00eb\u201d, i ndryshuar\t\t\t<\/a>\n\t\t<\/h3>\n\t\t\t\t<div class=\"elementor-post__meta-data\">\n\t\t\t\t\t<span class=\"elementor-post-date\">\n\t\t\t13 November, 2023\t\t<\/span>\n\t\t\t\t<\/div>\n\t\t\t\t<div class=\"elementor-post__excerpt\">\n\t\t\t<p>Projektligji i librit Relacion i ligjit t\u00eb librit Njoftimi p\u00ebr konsultim publik &nbsp; &nbsp; &nbsp; &nbsp;<\/p>\n\t\t<\/div>\n\t\t\n\t\t<a class=\"elementor-post__read-more\" href=\"https:\/\/qkll.gov.al\/?p=10635\" aria-label=\"Read more about Projektligji \u201cP\u00ebr disa shtesa dhe ndryshime n\u00eb ligjin nr. 9616, dat\u00eb 27.9.2006 \u201cP\u00ebr Librin n\u00eb Republik\u00ebn e Shqip\u00ebris\u00eb\u201d, i ndryshuar\" tabindex=\"-1\" >\n\t\t\tRead More \u00bb\t\t<\/a>\n\n\t\t\t\t<\/div>\n\t\t\t\t<\/article>\n\t\t\t\t<article class=\"elementor-post elementor-grid-item post-9022 post type-post status-publish format-standard has-post-thumbnail hentry category-aktivitete category-konsultime-publike-dhe-memorandume category-te-rejat\">\n\t\t\t\t<a class=\"elementor-post__thumbnail__link\" href=\"https:\/\/qkll.gov.al\/?p=9022\" tabindex=\"-1\" >\n\t\t\t<div class=\"elementor-post__thumbnail\"><img loading=\"lazy\" decoding=\"async\" width=\"300\" height=\"200\" src=\"https:\/\/qkll.gov.al\/wp-content\/uploads\/2022\/05\/283177484_537045414560931_5150280645532915329_n-1-300x200.jpg\" class=\"attachment-medium size-medium wp-image-9027\" alt=\"\" srcset=\"https:\/\/qkll.gov.al\/wp-content\/uploads\/2022\/05\/283177484_537045414560931_5150280645532915329_n-1-300x200.jpg 300w, https:\/\/qkll.gov.al\/wp-content\/uploads\/2022\/05\/283177484_537045414560931_5150280645532915329_n-1-768x512.jpg 768w, https:\/\/qkll.gov.al\/wp-content\/uploads\/2022\/05\/283177484_537045414560931_5150280645532915329_n-1.jpg 1024w\" sizes=\"(max-width: 300px) 100vw, 300px\" \/><\/div>\n\t\t<\/a>\n\t\t\t\t<div class=\"elementor-post__text\">\n\t\t\t\t<h3 class=\"elementor-post__title\">\n\t\t\t<a href=\"https:\/\/qkll.gov.al\/?p=9022\" >\n\t\t\t\tN\u00ebnshkrimi i Memorandumit t\u00eb Mir\u00ebkuptimit midis QKLL-s\u00eb dhe Dhom\u00ebs Ekonomike t\u00eb Gruas\t\t\t<\/a>\n\t\t<\/h3>\n\t\t\t\t<div class=\"elementor-post__meta-data\">\n\t\t\t\t\t<span class=\"elementor-post-date\">\n\t\t\t23 May, 2022\t\t<\/span>\n\t\t\t\t<\/div>\n\t\t\t\t<div class=\"elementor-post__excerpt\">\n\t\t\t<p>Qendra Komb\u00ebtare e Librit dhe Leximit n\u00ebnshkroi sot nj\u00eb Memorandum Bashkepunimi me Dhom\u00ebn Ekonomike t\u00eb Gruas s\u00eb Shqip\u00ebris\u00eb n\u00eb prani t\u00eb drejtoresh\u00ebs s\u00eb Q.K.L.L.-s\u00eb znj.<\/p>\n\t\t<\/div>\n\t\t\n\t\t<a class=\"elementor-post__read-more\" href=\"https:\/\/qkll.gov.al\/?p=9022\" aria-label=\"Read more about N\u00ebnshkrimi i Memorandumit t\u00eb Mir\u00ebkuptimit midis QKLL-s\u00eb dhe Dhom\u00ebs Ekonomike t\u00eb Gruas\" tabindex=\"-1\" >\n\t\t\tRead More \u00bb\t\t<\/a>\n\n\t\t\t\t<\/div>\n\t\t\t\t<\/article>\n\t\t\t\t<article class=\"elementor-post elementor-grid-item post-8940 post type-post status-publish format-standard has-post-thumbnail hentry category-aktivitete category-konsultime-publike-dhe-memorandume category-te-rejat\">\n\t\t\t\t<a class=\"elementor-post__thumbnail__link\" href=\"https:\/\/qkll.gov.al\/?p=8940\" tabindex=\"-1\" >\n\t\t\t<div class=\"elementor-post__thumbnail\"><img loading=\"lazy\" decoding=\"async\" width=\"300\" height=\"200\" src=\"https:\/\/qkll.gov.al\/wp-content\/uploads\/2022\/04\/278441020_511262473805892_3230463218813068384_n-300x200.jpg\" class=\"attachment-medium size-medium wp-image-8941\" alt=\"\" srcset=\"https:\/\/qkll.gov.al\/wp-content\/uploads\/2022\/04\/278441020_511262473805892_3230463218813068384_n-300x200.jpg 300w, https:\/\/qkll.gov.al\/wp-content\/uploads\/2022\/04\/278441020_511262473805892_3230463218813068384_n-768x511.jpg 768w, https:\/\/qkll.gov.al\/wp-content\/uploads\/2022\/04\/278441020_511262473805892_3230463218813068384_n.jpg 853w\" sizes=\"(max-width: 300px) 100vw, 300px\" \/><\/div>\n\t\t<\/a>\n\t\t\t\t<div class=\"elementor-post__text\">\n\t\t\t\t<h3 class=\"elementor-post__title\">\n\t\t\t<a href=\"https:\/\/qkll.gov.al\/?p=8940\" >\n\t\t\t\tMarr\u00ebveshje bashk\u00ebpunimi midis QKLL-s\u00eb dhe Qendr\u00ebs s\u00eb Parandalimit t\u00eb Krimeve t\u00eb t\u00eb Miturve\t\t\t<\/a>\n\t\t<\/h3>\n\t\t\t\t<div class=\"elementor-post__meta-data\">\n\t\t\t\t\t<span class=\"elementor-post-date\">\n\t\t\t13 April, 2022\t\t<\/span>\n\t\t\t\t<\/div>\n\t\t\t\t<div class=\"elementor-post__excerpt\">\n\t\t\t<p>Qendra e Parandalimit t\u00eb Krimeve t\u00eb t\u00eb Miturve dhe t\u00eb Rinjve dhe Qendra Komb\u00ebtare e Librit dhe Leximit, n\u00ebnshkruan sot n\u00eb mjediset e Ministris\u00eb s\u00eb<\/p>\n\t\t<\/div>\n\t\t\n\t\t<a class=\"elementor-post__read-more\" href=\"https:\/\/qkll.gov.al\/?p=8940\" aria-label=\"Read more about Marr\u00ebveshje bashk\u00ebpunimi midis QKLL-s\u00eb dhe Qendr\u00ebs s\u00eb Parandalimit t\u00eb Krimeve t\u00eb t\u00eb Miturve\" tabindex=\"-1\" >\n\t\t\tRead More \u00bb\t\t<\/a>\n\n\t\t\t\t<\/div>\n\t\t\t\t<\/article>\n\t\t\t\t<\/div>\n\t\t\n\t\t\t\t<div class=\"e-load-more-anchor\" data-page=\"1\" data-max-page=\"4\" data-next-page=\"https:\/\/qkll.gov.al\/index.php?rest_route=%2Fwp%2Fv2%2Fpages%2F6298&#038;paged=2\"><\/div>\n\t\t\t\t<nav class=\"elementor-pagination\" aria-label=\"Pagination\">\n\t\t\t<span aria-current=\"page\" class=\"page-numbers current\"><span class=\"elementor-screen-only\">Page<\/span>1<\/span>\n<a class=\"page-numbers\" href=\"https:\/\/qkll.gov.al\/index.php\/?paged=2\"><span class=\"elementor-screen-only\">Page<\/span>2<\/a>\n<a class=\"page-numbers\" href=\"https:\/\/qkll.gov.al\/index.php\/?paged=3\"><span class=\"elementor-screen-only\">Page<\/span>3<\/a>\n<a class=\"page-numbers\" href=\"https:\/\/qkll.gov.al\/index.php\/?paged=4\"><span class=\"elementor-screen-only\">Page<\/span>4<\/a>\t\t<\/nav>\n\t\t\t\t\t\t<\/div>\n\t\t\t\t<\/div>\n\t\t\t\t\t<\/div>\n\t\t<\/div>\n\t\t\t\t\t<\/div>\n\t\t<\/section>\n\t\t\t\t<\/div>\n\t\t","protected":false},"excerpt":{"rendered":"","protected":false},"author":1,"featured_media":0,"parent":6292,"menu_order":0,"comment_status":"closed","ping_status":"closed","template":"","meta":{"footnotes":""},"class_list":["post-6298","page","type-page","status-publish","hentry"],"_links":{"self":[{"href":"https:\/\/qkll.gov.al\/index.php?rest_route=\/wp\/v2\/pages\/6298","targetHints":{"allow":["GET"]}}],"collection":[{"href":"https:\/\/qkll.gov.al\/index.php?rest_route=\/wp\/v2\/pages"}],"about":[{"href":"https:\/\/qkll.gov.al\/index.php?rest_route=\/wp\/v2\/types\/page"}],"author":[{"embeddable":true,"href":"https:\/\/qkll.gov.al\/index.php?rest_route=\/wp\/v2\/users\/1"}],"replies":[{"embeddable":true,"href":"https:\/\/qkll.gov.al\/index.php?rest_route=%2Fwp%2Fv2%2Fcomments&post=6298"}],"version-history":[{"count":4,"href":"https:\/\/qkll.gov.al\/index.php?rest_route=\/wp\/v2\/pages\/6298\/revisions"}],"predecessor-version":[{"id":7183,"href":"https:\/\/qkll.gov.al\/index.php?rest_route=\/wp\/v2\/pages\/6298\/revisions\/7183"}],"up":[{"embeddable":true,"href":"https:\/\/qkll.gov.al\/index.php?rest_route=\/wp\/v2\/pages\/6292"}],"wp:attachment":[{"href":"https:\/\/qkll.gov.al\/index.php?rest_route=%2Fwp%2Fv2%2Fmedia&parent=6298"}],"curies":[{"name":"wp","href":"https:\/\/api.w.org\/{rel}","templated":true}]}}